{"id":10716,"date":"2024-03-12T17:53:12","date_gmt":"2024-03-12T22:53:12","guid":{"rendered":"https:\/\/tumuebleonline.com\/?page_id=10716"},"modified":"2024-03-13T08:56:43","modified_gmt":"2024-03-13T13:56:43","slug":"muebles-para-exteriores-medellin","status":"publish","type":"page","link":"https:\/\/tumuebleonline.com\/index.php\/muebles-para-exteriores-medellin\/","title":{"rendered":"Muebles para Exteriores Medell\u00edn"},"content":{"rendered":"\t\t<div data-elementor-type=\"wp-page\" data-elementor-id=\"10716\" class=\"elementor elementor-10716\" data-elementor-post-type=\"page\">\n\t\t\t\t<div class=\"elementor-element elementor-element-632eac9 e-flex e-con-boxed e-con e-parent\" data-id=\"632eac9\" data-element_type=\"container\" data-settings=\"{&quot;content_width&quot;:&quot;boxed&quot;}\" data-core-v316-plus=\"true\">\n\t\t\t\t\t<div class=\"e-con-inner\">\n\t\t\t\t<div class=\"elementor-element elementor-element-096df98 elementor-widget elementor-widget-heading\" data-id=\"096df98\" data-element_type=\"widget\" data-widget_type=\"heading.default\">\n\t\t\t\t<div class=\"elementor-widget-container\">\n\t\t\t<style>\/*! elementor - v3.19.0 - 29-01-2024 *\/\n.elementor-heading-title{padding:0;margin:0;line-height:1}.elementor-widget-heading .elementor-heading-title[class*=elementor-size-]>a{color:inherit;font-size:inherit;line-height:inherit}.elementor-widget-heading .elementor-heading-title.elementor-size-small{font-size:15px}.elementor-widget-heading .elementor-heading-title.elementor-size-medium{font-size:19px}.elementor-widget-heading .elementor-heading-title.elementor-size-large{font-size:29px}.elementor-widget-heading .elementor-heading-title.elementor-size-xl{font-size:39px}.elementor-widget-heading .elementor-heading-title.elementor-size-xxl{font-size:59px}<\/style><h1 class=\"elementor-heading-title elementor-size-default\"><strong style=\"font-size: 14px; line-height: var(--cib-type-body1-strong-line-height); font-variation-settings: normal; color: rgba(0, 0, 0, 0.894); font-family: SegoeUIVariable, SegoeUI, &quot;Segoe UI&quot;, &quot;Helvetica Neue&quot;, Helvetica, &quot;Microsoft YaHei&quot;, &quot;Meiryo UI&quot;, Meiryo, &quot;Arial Unicode MS&quot;, sans-serif; letter-spacing: normal; white-space-collapse: collapse; background-color: rgb(243, 243, 243);\">Muebles para Exteriores Medell\u00edn<\/strong><\/h1>\t\t<\/div>\n\t\t\t\t<\/div>\n\t\t\t\t\t<\/div>\n\t\t\t\t<\/div>\n\t\t<div class=\"elementor-element elementor-element-9a85fa9 e-flex e-con-boxed e-con e-parent\" data-id=\"9a85fa9\" data-element_type=\"container\" data-settings=\"{&quot;content_width&quot;:&quot;boxed&quot;}\" data-core-v316-plus=\"true\">\n\t\t\t\t\t<div class=\"e-con-inner\">\n\t\t\t\t<div class=\"elementor-element elementor-element-e085405 elementor-widget elementor-widget-text-editor\" data-id=\"e085405\" data-element_type=\"widget\" data-widget_type=\"text-editor.default\">\n\t\t\t\t<div class=\"elementor-widget-container\">\n\t\t\t<style>\/*! elementor - v3.19.0 - 29-01-2024 *\/\n.elementor-widget-text-editor.elementor-drop-cap-view-stacked .elementor-drop-cap{background-color:#69727d;color:#fff}.elementor-widget-text-editor.elementor-drop-cap-view-framed .elementor-drop-cap{color:#69727d;border:3px solid;background-color:transparent}.elementor-widget-text-editor:not(.elementor-drop-cap-view-default) .elementor-drop-cap{margin-top:8px}.elementor-widget-text-editor:not(.elementor-drop-cap-view-default) .elementor-drop-cap-letter{width:1em;height:1em}.elementor-widget-text-editor .elementor-drop-cap{float:left;text-align:center;line-height:1;font-size:50px}.elementor-widget-text-editor .elementor-drop-cap-letter{display:inline-block}<\/style>\t\t\t\t<p><span style=\"color: rgba(0, 0, 0, 0.894); font-family: SegoeUIVariable, SegoeUI, 'Segoe UI', 'Helvetica Neue', Helvetica, 'Microsoft YaHei', 'Meiryo UI', Meiryo, 'Arial Unicode MS', sans-serif; letter-spacing: normal; background-color: #f3f3f3;\">En Medell\u00edn, la vida al aire libre es un estilo de vida. \u00bfQu\u00e9 mejor manera de disfrutarlo que con\u00a0<\/span><strong style=\"line-height: var(--cib-type-body1-strong-line-height); font-variation-settings: normal; color: rgba(0, 0, 0, 0.894); font-family: SegoeUIVariable, SegoeUI, 'Segoe UI', 'Helvetica Neue', Helvetica, 'Microsoft YaHei', 'Meiryo UI', Meiryo, 'Arial Unicode MS', sans-serif; letter-spacing: normal; background-color: #f3f3f3;\">muebles de rattan<\/strong><span style=\"color: rgba(0, 0, 0, 0.894); font-family: SegoeUIVariable, SegoeUI, 'Segoe UI', 'Helvetica Neue', Helvetica, 'Microsoft YaHei', 'Meiryo UI', Meiryo, 'Arial Unicode MS', sans-serif; letter-spacing: normal; background-color: #f3f3f3;\">\u00a0especialmente dise\u00f1ados para tus espacios exteriores? En esta gu\u00eda, exploraremos las opciones m\u00e1s elegantes y funcionales para tu terraza, jard\u00edn o piscina.<\/span><\/p>\t\t\t\t\t\t<\/div>\n\t\t\t\t<\/div>\n\t\t\t\t\t<\/div>\n\t\t\t\t<\/div>\n\t\t<div class=\"elementor-element elementor-element-51e407d e-flex e-con-boxed e-con e-parent\" data-id=\"51e407d\" data-element_type=\"container\" data-settings=\"{&quot;content_width&quot;:&quot;boxed&quot;}\" data-core-v316-plus=\"true\">\n\t\t\t\t\t<div class=\"e-con-inner\">\n\t\t\t\t<div class=\"elementor-element elementor-element-76d97cf elementor-widget elementor-widget-image\" data-id=\"76d97cf\" data-element_type=\"widget\" data-widget_type=\"image.default\">\n\t\t\t\t<div class=\"elementor-widget-container\">\n\t\t\t<style>\/*! elementor - v3.19.0 - 29-01-2024 *\/\n.elementor-widget-image{text-align:center}.elementor-widget-image a{display:inline-block}.elementor-widget-image a img[src$=\".svg\"]{width:48px}.elementor-widget-image img{vertical-align:middle;display:inline-block}<\/style>\t\t\t\t\t\t\t\t\t\t\t<a href=\"https:\/\/tumuebleonline.com\/index.php\/ofertas\/#COMEDORES\">\n\t\t\t\t\t\t\t<img fetchpriority=\"high\" decoding=\"async\" width=\"1024\" height=\"1024\" src=\"https:\/\/tumuebleonline.com\/wp-content\/uploads\/2024\/03\/photo_2024-03-12_15-54-39-4-1024x1024.jpg\" class=\"attachment-large size-large wp-image-10718\" alt=\"\" srcset=\"https:\/\/tumuebleonline.com\/wp-content\/uploads\/2024\/03\/photo_2024-03-12_15-54-39-4-1024x1024.jpg 1024w, https:\/\/tumuebleonline.com\/wp-content\/uploads\/2024\/03\/photo_2024-03-12_15-54-39-4-300x300.jpg 300w, https:\/\/tumuebleonline.com\/wp-content\/uploads\/2024\/03\/photo_2024-03-12_15-54-39-4-150x150.jpg 150w, https:\/\/tumuebleonline.com\/wp-content\/uploads\/2024\/03\/photo_2024-03-12_15-54-39-4-768x768.jpg 768w, https:\/\/tumuebleonline.com\/wp-content\/uploads\/2024\/03\/photo_2024-03-12_15-54-39-4-100x100.jpg 100w, https:\/\/tumuebleonline.com\/wp-content\/uploads\/2024\/03\/photo_2024-03-12_15-54-39-4-40x40.jpg 40w, https:\/\/tumuebleonline.com\/wp-content\/uploads\/2024\/03\/photo_2024-03-12_15-54-39-4-500x500.jpg 500w, https:\/\/tumuebleonline.com\/wp-content\/uploads\/2024\/03\/photo_2024-03-12_15-54-39-4-30x30.jpg 30w, https:\/\/tumuebleonline.com\/wp-content\/uploads\/2024\/03\/photo_2024-03-12_15-54-39-4-600x600.jpg 600w, https:\/\/tumuebleonline.com\/wp-content\/uploads\/2024\/03\/photo_2024-03-12_15-54-39-4.jpg 1080w\" sizes=\"(max-width: 1024px) 100vw, 1024px\" \/>\t\t\t\t\t\t\t\t<\/a>\n\t\t\t\t\t\t\t\t\t\t\t\t\t<\/div>\n\t\t\t\t<\/div>\n\t\t\t\t\t<\/div>\n\t\t\t\t<\/div>\n\t\t<div class=\"elementor-element elementor-element-f822d46 e-flex e-con-boxed e-con e-parent\" data-id=\"f822d46\" data-element_type=\"container\" data-settings=\"{&quot;content_width&quot;:&quot;boxed&quot;}\" data-core-v316-plus=\"true\">\n\t\t\t\t\t<div class=\"e-con-inner\">\n\t\t\t\t<div class=\"elementor-element elementor-element-4f05b06 elementor-widget elementor-widget-text-editor\" data-id=\"4f05b06\" data-element_type=\"widget\" data-widget_type=\"text-editor.default\">\n\t\t\t\t<div class=\"elementor-widget-container\">\n\t\t\t\t\t\t\t<p><strong style=\"line-height: var(--cib-type-body1-strong-line-height); font-variation-settings: normal; color: rgba(0, 0, 0, 0.894); font-family: SegoeUIVariable, SegoeUI, 'Segoe UI', 'Helvetica Neue', Helvetica, 'Microsoft YaHei', 'Meiryo UI', Meiryo, 'Arial Unicode MS', sans-serif; letter-spacing: normal; background-color: #f3f3f3;\">Muebles de Rattan para Terrazas y Patios<\/strong><span style=\"color: rgba(0, 0, 0, 0.894); font-family: SegoeUIVariable, SegoeUI, 'Segoe UI', 'Helvetica Neue', Helvetica, 'Microsoft YaHei', 'Meiryo UI', Meiryo, 'Arial Unicode MS', sans-serif; letter-spacing: normal; background-color: #f3f3f3;\">\u00a0Los\u00a0<\/span><strong style=\"line-height: var(--cib-type-body1-strong-line-height); font-variation-settings: normal; color: rgba(0, 0, 0, 0.894); font-family: SegoeUIVariable, SegoeUI, 'Segoe UI', 'Helvetica Neue', Helvetica, 'Microsoft YaHei', 'Meiryo UI', Meiryo, 'Arial Unicode MS', sans-serif; letter-spacing: normal; background-color: #f3f3f3;\">muebles de rattan<\/strong><span style=\"color: rgba(0, 0, 0, 0.894); font-family: SegoeUIVariable, SegoeUI, 'Segoe UI', 'Helvetica Neue', Helvetica, 'Microsoft YaHei', 'Meiryo UI', Meiryo, 'Arial Unicode MS', sans-serif; letter-spacing: normal; background-color: #f3f3f3;\">\u00a0son ideales para terrazas y patios. Su durabilidad y resistencia a las condiciones clim\u00e1ticas los convierten en una elecci\u00f3n inteligente. Desde c\u00f3modos sof\u00e1s hasta elegantes sillas y mesas, encontrar\u00e1s todo lo que necesitas para crear un oasis al aire libre.<\/span><\/p>\t\t\t\t\t\t<\/div>\n\t\t\t\t<\/div>\n\t\t\t\t\t<\/div>\n\t\t\t\t<\/div>\n\t\t<div class=\"elementor-element elementor-element-4e7951b e-flex e-con-boxed e-con e-parent\" data-id=\"4e7951b\" data-element_type=\"container\" data-settings=\"{&quot;content_width&quot;:&quot;boxed&quot;}\" data-core-v316-plus=\"true\">\n\t\t\t\t\t<div class=\"e-con-inner\">\n\t\t\t\t<div class=\"elementor-element elementor-element-7983911 elementor-widget elementor-widget-text-editor\" data-id=\"7983911\" data-element_type=\"widget\" data-widget_type=\"text-editor.default\">\n\t\t\t\t<div class=\"elementor-widget-container\">\n\t\t\t\t\t\t\t<p><strong style=\"line-height: var(--cib-type-body1-strong-line-height); font-variation-settings: normal; color: rgba(0, 0, 0, 0.894); font-family: SegoeUIVariable, SegoeUI, 'Segoe UI', 'Helvetica Neue', Helvetica, 'Microsoft YaHei', 'Meiryo UI', Meiryo, 'Arial Unicode MS', sans-serif; letter-spacing: normal; background-color: #f3f3f3;\">\u00a0Dise\u00f1o y Comodidad<\/strong><span style=\"color: rgba(0, 0, 0, 0.894); font-family: SegoeUIVariable, SegoeUI, 'Segoe UI', 'Helvetica Neue', Helvetica, 'Microsoft YaHei', 'Meiryo UI', Meiryo, 'Arial Unicode MS', sans-serif; letter-spacing: normal; background-color: #f3f3f3;\">\u00a0La comodidad no est\u00e1 re\u00f1ida con el estilo. Nuestros\u00a0<\/span><strong style=\"line-height: var(--cib-type-body1-strong-line-height); font-variation-settings: normal; color: rgba(0, 0, 0, 0.894); font-family: SegoeUIVariable, SegoeUI, 'Segoe UI', 'Helvetica Neue', Helvetica, 'Microsoft YaHei', 'Meiryo UI', Meiryo, 'Arial Unicode MS', sans-serif; letter-spacing: normal; background-color: #f3f3f3;\">muebles para exteriores en Medell\u00edn<\/strong><span style=\"color: rgba(0, 0, 0, 0.894); font-family: SegoeUIVariable, SegoeUI, 'Segoe UI', 'Helvetica Neue', Helvetica, 'Microsoft YaHei', 'Meiryo UI', Meiryo, 'Arial Unicode MS', sans-serif; letter-spacing: normal; background-color: #f3f3f3;\">\u00a0combinan dise\u00f1o y funcionalidad. Los cojines suaves y los respaldos ergon\u00f3micos te invitan a relajarte y disfrutar del sol.<\/span><\/p><p><strong style=\"line-height: var(--cib-type-body1-strong-line-height); font-variation-settings: normal; color: rgba(0, 0, 0, 0.894); font-family: SegoeUIVariable, SegoeUI, 'Segoe UI', 'Helvetica Neue', Helvetica, 'Microsoft YaHei', 'Meiryo UI', Meiryo, 'Arial Unicode MS', sans-serif; letter-spacing: normal; background-color: #f3f3f3;\">Madera y Aluminio<\/strong><span style=\"color: rgba(0, 0, 0, 0.894); font-family: SegoeUIVariable, SegoeUI, 'Segoe UI', 'Helvetica Neue', Helvetica, 'Microsoft YaHei', 'Meiryo UI', Meiryo, 'Arial Unicode MS', sans-serif; letter-spacing: normal; background-color: #f3f3f3;\">\u00a0Ofrecemos una amplia variedad de materiales, desde el cl\u00e1sico rattan hasta la elegancia del aluminio. \u00bfPrefieres un aspecto natural? Opta por los muebles de rattan tejido a mano. \u00bfBuscas algo m\u00e1s moderno? Elige piezas de aluminio con l\u00edneas limpias y minimalistas.<\/span><span style=\"color: rgba(0, 0, 0, 0.894); font-family: SegoeUIVariable, SegoeUI, 'Segoe UI', 'Helvetica Neue', Helvetica, 'Microsoft YaHei', 'Meiryo UI', Meiryo, 'Arial Unicode MS', sans-serif; letter-spacing: normal; background-color: #f3f3f3;\"><br \/><\/span><\/p>\t\t\t\t\t\t<\/div>\n\t\t\t\t<\/div>\n\t\t\t\t\t<\/div>\n\t\t\t\t<\/div>\n\t\t<div class=\"elementor-element elementor-element-0c23554 e-flex e-con-boxed e-con e-parent\" data-id=\"0c23554\" data-element_type=\"container\" data-settings=\"{&quot;content_width&quot;:&quot;boxed&quot;}\" data-core-v316-plus=\"true\">\n\t\t\t\t\t<div class=\"e-con-inner\">\n\t\t\t\t<div class=\"elementor-element elementor-element-56cbe36 elementor-widget elementor-widget-image\" data-id=\"56cbe36\" data-element_type=\"widget\" data-widget_type=\"image.default\">\n\t\t\t\t<div class=\"elementor-widget-container\">\n\t\t\t\t\t\t\t\t\t\t\t\t\t\t<a href=\"https:\/\/tumuebleonline.com\/index.php\/ofertas\/#SALAS\">\n\t\t\t\t\t\t\t<img decoding=\"async\" width=\"1024\" height=\"1024\" src=\"https:\/\/tumuebleonline.com\/wp-content\/uploads\/2024\/03\/photo_2024-03-12_15-54-39-1024x1024.jpg\" class=\"attachment-large size-large wp-image-10719\" alt=\"\" srcset=\"https:\/\/tumuebleonline.com\/wp-content\/uploads\/2024\/03\/photo_2024-03-12_15-54-39-1024x1024.jpg 1024w, https:\/\/tumuebleonline.com\/wp-content\/uploads\/2024\/03\/photo_2024-03-12_15-54-39-300x300.jpg 300w, https:\/\/tumuebleonline.com\/wp-content\/uploads\/2024\/03\/photo_2024-03-12_15-54-39-150x150.jpg 150w, https:\/\/tumuebleonline.com\/wp-content\/uploads\/2024\/03\/photo_2024-03-12_15-54-39-768x768.jpg 768w, https:\/\/tumuebleonline.com\/wp-content\/uploads\/2024\/03\/photo_2024-03-12_15-54-39-100x100.jpg 100w, https:\/\/tumuebleonline.com\/wp-content\/uploads\/2024\/03\/photo_2024-03-12_15-54-39-40x40.jpg 40w, https:\/\/tumuebleonline.com\/wp-content\/uploads\/2024\/03\/photo_2024-03-12_15-54-39-500x500.jpg 500w, https:\/\/tumuebleonline.com\/wp-content\/uploads\/2024\/03\/photo_2024-03-12_15-54-39-30x30.jpg 30w, https:\/\/tumuebleonline.com\/wp-content\/uploads\/2024\/03\/photo_2024-03-12_15-54-39-600x600.jpg 600w, https:\/\/tumuebleonline.com\/wp-content\/uploads\/2024\/03\/photo_2024-03-12_15-54-39.jpg 1080w\" sizes=\"(max-width: 1024px) 100vw, 1024px\" \/>\t\t\t\t\t\t\t\t<\/a>\n\t\t\t\t\t\t\t\t\t\t\t\t\t<\/div>\n\t\t\t\t<\/div>\n\t\t\t\t\t<\/div>\n\t\t\t\t<\/div>\n\t\t<div class=\"elementor-element elementor-element-fbc67cf e-flex e-con-boxed e-con e-parent\" data-id=\"fbc67cf\" data-element_type=\"container\" data-settings=\"{&quot;content_width&quot;:&quot;boxed&quot;}\" data-core-v316-plus=\"true\">\n\t\t\t\t\t<div class=\"e-con-inner\">\n\t\t\t\t<div class=\"elementor-element elementor-element-c88a8ae elementor-widget elementor-widget-text-editor\" data-id=\"c88a8ae\" data-element_type=\"widget\" data-widget_type=\"text-editor.default\">\n\t\t\t\t<div class=\"elementor-widget-container\">\n\t\t\t\t\t\t\t<p><strong style=\"line-height: var(--cib-type-body1-strong-line-height); font-variation-settings: normal; color: rgba(0, 0, 0, 0.894); font-family: SegoeUIVariable, SegoeUI, 'Segoe UI', 'Helvetica Neue', Helvetica, 'Microsoft YaHei', 'Meiryo UI', Meiryo, 'Arial Unicode MS', sans-serif; letter-spacing: normal; background-color: #f3f3f3;\">Personaliza tu Espacio<\/strong><span style=\"color: rgba(0, 0, 0, 0.894); font-family: SegoeUIVariable, SegoeUI, 'Segoe UI', 'Helvetica Neue', Helvetica, 'Microsoft YaHei', 'Meiryo UI', Meiryo, 'Arial Unicode MS', sans-serif; letter-spacing: normal; background-color: #f3f3f3;\">\u00a0Cada terraza y jard\u00edn es \u00fanico. Por eso, te ofrecemos opciones personalizadas. \u00bfNecesitas un conjunto de comedor para tus reuniones familiares? \u00bfO tal vez una tumbona para tomar el sol? Cu\u00e9ntanos tus necesidades y crearemos el conjunto perfecto para ti.<\/span><\/p><p><strong style=\"line-height: var(--cib-type-body1-strong-line-height); font-variation-settings: normal; color: rgba(0, 0, 0, 0.894); font-family: SegoeUIVariable, SegoeUI, 'Segoe UI', 'Helvetica Neue', Helvetica, 'Microsoft YaHei', 'Meiryo UI', Meiryo, 'Arial Unicode MS', sans-serif; letter-spacing: normal; background-color: #f3f3f3;\">Env\u00edo Gratis y Descuentos Especiales<\/strong><span style=\"color: rgba(0, 0, 0, 0.894); font-family: SegoeUIVariable, SegoeUI, 'Segoe UI', 'Helvetica Neue', Helvetica, 'Microsoft YaHei', 'Meiryo UI', Meiryo, 'Arial Unicode MS', sans-serif; letter-spacing: normal; background-color: #f3f3f3;\">\u00a0En\u00a0<\/span><strong style=\"line-height: var(--cib-type-body1-strong-line-height); font-variation-settings: normal; color: rgba(0, 0, 0, 0.894); font-family: SegoeUIVariable, SegoeUI, 'Segoe UI', 'Helvetica Neue', Helvetica, 'Microsoft YaHei', 'Meiryo UI', Meiryo, 'Arial Unicode MS', sans-serif; letter-spacing: normal; background-color: #f3f3f3;\">Muebles Exteriores Colombia<\/strong><span style=\"color: rgba(0, 0, 0, 0.894); font-family: SegoeUIVariable, SegoeUI, 'Segoe UI', 'Helvetica Neue', Helvetica, 'Microsoft YaHei', 'Meiryo UI', Meiryo, 'Arial Unicode MS', sans-serif; letter-spacing: normal; background-color: #f3f3f3;\">, nos preocupamos por tu satisfacci\u00f3n. Por eso, ofrecemos\u00a0<\/span><strong style=\"line-height: var(--cib-type-body1-strong-line-height); font-variation-settings: normal; color: rgba(0, 0, 0, 0.894); font-family: SegoeUIVariable, SegoeUI, 'Segoe UI', 'Helvetica Neue', Helvetica, 'Microsoft YaHei', 'Meiryo UI', Meiryo, 'Arial Unicode MS', sans-serif; letter-spacing: normal; background-color: #f3f3f3;\">env\u00edo gratis<\/strong><span style=\"color: rgba(0, 0, 0, 0.894); font-family: SegoeUIVariable, SegoeUI, 'Segoe UI', 'Helvetica Neue', Helvetica, 'Microsoft YaHei', 'Meiryo UI', Meiryo, 'Arial Unicode MS', sans-serif; letter-spacing: normal; background-color: #f3f3f3;\">\u00a0en Medell\u00edn y descuentos especiales en nuestra selecci\u00f3n de muebles. \u00a1Haz clic y descubre las mejores ofertas!<\/span><\/p>\t\t\t\t\t\t<\/div>\n\t\t\t\t<\/div>\n\t\t\t\t\t<\/div>\n\t\t\t\t<\/div>\n\t\t<div class=\"elementor-element elementor-element-79ec5df e-flex e-con-boxed e-con e-parent\" data-id=\"79ec5df\" data-element_type=\"container\" data-settings=\"{&quot;content_width&quot;:&quot;boxed&quot;}\" data-core-v316-plus=\"true\">\n\t\t\t\t\t<div class=\"e-con-inner\">\n\t\t\t\t<div class=\"elementor-element elementor-element-cae1e1d elementor-widget elementor-widget-button\" data-id=\"cae1e1d\" data-element_type=\"widget\" data-widget_type=\"button.default\">\n\t\t\t\t<div class=\"elementor-widget-container\">\n\t\t\t\t\t<div class=\"elementor-button-wrapper\">\n\t\t\t<a class=\"elementor-button elementor-button-link elementor-size-sm\" href=\"https:\/\/tumuebleonline.com\/index.php\/ofertas\/\">\n\t\t\t\t\t\t<span class=\"elementor-button-content-wrapper\">\n\t\t\t\t\t\t<span class=\"elementor-button-text\">Haz clic aqu\u00ed<\/span>\n\t\t<\/span>\n\t\t\t\t\t<\/a>\n\t\t<\/div>\n\t\t\t\t<\/div>\n\t\t\t\t<\/div>\n\t\t\t\t\t<\/div>\n\t\t\t\t<\/div>\n\t\t\t\t<\/div>\n\t\t","protected":false},"excerpt":{"rendered":"<p>Muebles para Exteriores Medell\u00edn En Medell\u00edn, la vida al aire libre es un estilo de vida. \u00bfQu\u00e9 mejor manera de disfrutarlo que con\u00a0muebles de rattan\u00a0especialmente dise\u00f1ados para tus espacios exteriores? En esta gu\u00eda, exploraremos las opciones m\u00e1s elegantes y funcionales para tu terraza, jard\u00edn o piscina. Muebles de Rattan para Terrazas y Patios\u00a0Los\u00a0muebles de rattan\u00a0son [&hellip;]<\/p>\n","protected":false},"author":2,"featured_media":0,"parent":0,"menu_order":0,"comment_status":"closed","ping_status":"closed","template":"","meta":{"_joinchat":[],"footnotes":""},"class_list":["post-10716","page","type-page","status-publish","hentry"],"yoast_head":"<!-- This site is optimized with the Yoast SEO plugin v22.2 - https:\/\/yoast.com\/wordpress\/plugins\/seo\/ -->\n<title>Muebles para Exteriores Medell\u00edn - Tu Mueble Online<\/title>\n<meta name=\"description\" content=\"\u00bfBuscas muebles de rattan para tu terraza, jard\u00edn o piscina? Descubre opciones duraderas y elegantes en Medell\u00edn. Env\u00edo gratis y descuentos disponibles. \u00a1Crea un espacio al aire libre \u00fanico con nuestros muebles de rattan!\" \/>\n<meta name=\"robots\" content=\"index, follow, max-snippet:-1, max-image-preview:large, max-video-preview:-1\" \/>\n<link rel=\"canonical\" href=\"https:\/\/tumuebleonline.com\/index.php\/muebles-para-exteriores-medellin\/\" \/>\n<meta property=\"og:locale\" content=\"es_ES\" \/>\n<meta property=\"og:type\" content=\"article\" \/>\n<meta property=\"og:title\" content=\"Muebles para Exteriores Medell\u00edn - Tu Mueble Online\" \/>\n<meta property=\"og:description\" content=\"\u00bfBuscas muebles de rattan para tu terraza, jard\u00edn o piscina? Descubre opciones duraderas y elegantes en Medell\u00edn. Env\u00edo gratis y descuentos disponibles. \u00a1Crea un espacio al aire libre \u00fanico con nuestros muebles de rattan!\" \/>\n<meta property=\"og:url\" content=\"https:\/\/tumuebleonline.com\/index.php\/muebles-para-exteriores-medellin\/\" \/>\n<meta property=\"og:site_name\" content=\"Tu Mueble Online\" \/>\n<meta property=\"article:publisher\" content=\"https:\/\/www.facebook.com\/tumuebleonlineee\" \/>\n<meta property=\"article:modified_time\" content=\"2024-03-13T13:56:43+00:00\" \/>\n<meta property=\"og:image\" content=\"https:\/\/tumuebleonline.com\/wp-content\/uploads\/2024\/03\/photo_2024-03-12_15-54-39-4-1024x1024.jpg\" \/>\n<meta name=\"twitter:card\" content=\"summary_large_image\" \/>\n<meta name=\"twitter:label1\" content=\"Tiempo estimado de lectura\" \/>\n\t<meta name=\"twitter:data1\" content=\"2 minutos\" \/>\n<script type=\"application\/ld+json\" class=\"yoast-schema-graph\">{\"@context\":\"https:\/\/schema.org\",\"@graph\":[{\"@type\":\"WebPage\",\"@id\":\"https:\/\/tumuebleonline.com\/index.php\/muebles-para-exteriores-medellin\/\",\"url\":\"https:\/\/tumuebleonline.com\/index.php\/muebles-para-exteriores-medellin\/\",\"name\":\"Muebles para Exteriores Medell\u00edn - Tu Mueble Online\",\"isPartOf\":{\"@id\":\"https:\/\/tumuebleonline.com\/#website\"},\"primaryImageOfPage\":{\"@id\":\"https:\/\/tumuebleonline.com\/index.php\/muebles-para-exteriores-medellin\/#primaryimage\"},\"image\":{\"@id\":\"https:\/\/tumuebleonline.com\/index.php\/muebles-para-exteriores-medellin\/#primaryimage\"},\"thumbnailUrl\":\"https:\/\/tumuebleonline.com\/wp-content\/uploads\/2024\/03\/photo_2024-03-12_15-54-39-4-1024x1024.jpg\",\"datePublished\":\"2024-03-12T22:53:12+00:00\",\"dateModified\":\"2024-03-13T13:56:43+00:00\",\"description\":\"\u00bfBuscas muebles de rattan para tu terraza, jard\u00edn o piscina? Descubre opciones duraderas y elegantes en Medell\u00edn. Env\u00edo gratis y descuentos disponibles. \u00a1Crea un espacio al aire libre \u00fanico con nuestros muebles de rattan!\",\"breadcrumb\":{\"@id\":\"https:\/\/tumuebleonline.com\/index.php\/muebles-para-exteriores-medellin\/#breadcrumb\"},\"inLanguage\":\"es-CO\",\"potentialAction\":[{\"@type\":\"ReadAction\",\"target\":[\"https:\/\/tumuebleonline.com\/index.php\/muebles-para-exteriores-medellin\/\"]}]},{\"@type\":\"ImageObject\",\"inLanguage\":\"es-CO\",\"@id\":\"https:\/\/tumuebleonline.com\/index.php\/muebles-para-exteriores-medellin\/#primaryimage\",\"url\":\"https:\/\/tumuebleonline.com\/wp-content\/uploads\/2024\/03\/photo_2024-03-12_15-54-39-4.jpg\",\"contentUrl\":\"https:\/\/tumuebleonline.com\/wp-content\/uploads\/2024\/03\/photo_2024-03-12_15-54-39-4.jpg\",\"width\":1080,\"height\":1080},{\"@type\":\"BreadcrumbList\",\"@id\":\"https:\/\/tumuebleonline.com\/index.php\/muebles-para-exteriores-medellin\/#breadcrumb\",\"itemListElement\":[{\"@type\":\"ListItem\",\"position\":1,\"name\":\"Inicio\",\"item\":\"https:\/\/tumuebleonline.com\/\"},{\"@type\":\"ListItem\",\"position\":2,\"name\":\"Muebles para Exteriores Medell\u00edn\"}]},{\"@type\":\"WebSite\",\"@id\":\"https:\/\/tumuebleonline.com\/#website\",\"url\":\"https:\/\/tumuebleonline.com\/\",\"name\":\"Tu Mueble Online\",\"description\":\"Fabricacion de muebles en rattan sintetico y fibras naturales.\",\"publisher\":{\"@id\":\"https:\/\/tumuebleonline.com\/#organization\"},\"potentialAction\":[{\"@type\":\"SearchAction\",\"target\":{\"@type\":\"EntryPoint\",\"urlTemplate\":\"https:\/\/tumuebleonline.com\/?s={search_term_string}\"},\"query-input\":\"required name=search_term_string\"}],\"inLanguage\":\"es-CO\"},{\"@type\":\"Organization\",\"@id\":\"https:\/\/tumuebleonline.com\/#organization\",\"name\":\"Tu Mueble Online\",\"url\":\"https:\/\/tumuebleonline.com\/\",\"logo\":{\"@type\":\"ImageObject\",\"inLanguage\":\"es-CO\",\"@id\":\"https:\/\/tumuebleonline.com\/#\/schema\/logo\/image\/\",\"url\":\"https:\/\/tumuebleonline.com\/wp-content\/uploads\/2024\/03\/logoo-pqueno.jpg\",\"contentUrl\":\"https:\/\/tumuebleonline.com\/wp-content\/uploads\/2024\/03\/logoo-pqueno.jpg\",\"width\":112,\"height\":112,\"caption\":\"Tu Mueble Online\"},\"image\":{\"@id\":\"https:\/\/tumuebleonline.com\/#\/schema\/logo\/image\/\"},\"sameAs\":[\"https:\/\/www.facebook.com\/tumuebleonlineee\",\"https:\/\/www.tiktok.com\/@tumuebleonline\",\"https:\/\/www.instagram.com\/tumuebleonline1\/\",\"https:\/\/wa.me\/message\/XMW4WYMC7XMHM1\"]}]}<\/script>\n<!-- \/ Yoast SEO plugin. -->","yoast_head_json":{"title":"Muebles para Exteriores Medell\u00edn - Tu Mueble Online","description":"\u00bfBuscas muebles de rattan para tu terraza, jard\u00edn o piscina? Descubre opciones duraderas y elegantes en Medell\u00edn. Env\u00edo gratis y descuentos disponibles. \u00a1Crea un espacio al aire libre \u00fanico con nuestros muebles de rattan!","robots":{"index":"index","follow":"follow","max-snippet":"max-snippet:-1","max-image-preview":"max-image-preview:large","max-video-preview":"max-video-preview:-1"},"canonical":"https:\/\/tumuebleonline.com\/index.php\/muebles-para-exteriores-medellin\/","og_locale":"es_ES","og_type":"article","og_title":"Muebles para Exteriores Medell\u00edn - Tu Mueble Online","og_description":"\u00bfBuscas muebles de rattan para tu terraza, jard\u00edn o piscina? Descubre opciones duraderas y elegantes en Medell\u00edn. Env\u00edo gratis y descuentos disponibles. \u00a1Crea un espacio al aire libre \u00fanico con nuestros muebles de rattan!","og_url":"https:\/\/tumuebleonline.com\/index.php\/muebles-para-exteriores-medellin\/","og_site_name":"Tu Mueble Online","article_publisher":"https:\/\/www.facebook.com\/tumuebleonlineee","article_modified_time":"2024-03-13T13:56:43+00:00","og_image":[{"url":"https:\/\/tumuebleonline.com\/wp-content\/uploads\/2024\/03\/photo_2024-03-12_15-54-39-4-1024x1024.jpg"}],"twitter_card":"summary_large_image","twitter_misc":{"Tiempo estimado de lectura":"2 minutos"},"schema":{"@context":"https:\/\/schema.org","@graph":[{"@type":"WebPage","@id":"https:\/\/tumuebleonline.com\/index.php\/muebles-para-exteriores-medellin\/","url":"https:\/\/tumuebleonline.com\/index.php\/muebles-para-exteriores-medellin\/","name":"Muebles para Exteriores Medell\u00edn - Tu Mueble Online","isPartOf":{"@id":"https:\/\/tumuebleonline.com\/#website"},"primaryImageOfPage":{"@id":"https:\/\/tumuebleonline.com\/index.php\/muebles-para-exteriores-medellin\/#primaryimage"},"image":{"@id":"https:\/\/tumuebleonline.com\/index.php\/muebles-para-exteriores-medellin\/#primaryimage"},"thumbnailUrl":"https:\/\/tumuebleonline.com\/wp-content\/uploads\/2024\/03\/photo_2024-03-12_15-54-39-4-1024x1024.jpg","datePublished":"2024-03-12T22:53:12+00:00","dateModified":"2024-03-13T13:56:43+00:00","description":"\u00bfBuscas muebles de rattan para tu terraza, jard\u00edn o piscina? Descubre opciones duraderas y elegantes en Medell\u00edn. Env\u00edo gratis y descuentos disponibles. \u00a1Crea un espacio al aire libre \u00fanico con nuestros muebles de rattan!","breadcrumb":{"@id":"https:\/\/tumuebleonline.com\/index.php\/muebles-para-exteriores-medellin\/#breadcrumb"},"inLanguage":"es-CO","potentialAction":[{"@type":"ReadAction","target":["https:\/\/tumuebleonline.com\/index.php\/muebles-para-exteriores-medellin\/"]}]},{"@type":"ImageObject","inLanguage":"es-CO","@id":"https:\/\/tumuebleonline.com\/index.php\/muebles-para-exteriores-medellin\/#primaryimage","url":"https:\/\/tumuebleonline.com\/wp-content\/uploads\/2024\/03\/photo_2024-03-12_15-54-39-4.jpg","contentUrl":"https:\/\/tumuebleonline.com\/wp-content\/uploads\/2024\/03\/photo_2024-03-12_15-54-39-4.jpg","width":1080,"height":1080},{"@type":"BreadcrumbList","@id":"https:\/\/tumuebleonline.com\/index.php\/muebles-para-exteriores-medellin\/#breadcrumb","itemListElement":[{"@type":"ListItem","position":1,"name":"Inicio","item":"https:\/\/tumuebleonline.com\/"},{"@type":"ListItem","position":2,"name":"Muebles para Exteriores Medell\u00edn"}]},{"@type":"WebSite","@id":"https:\/\/tumuebleonline.com\/#website","url":"https:\/\/tumuebleonline.com\/","name":"Tu Mueble Online","description":"Fabricacion de muebles en rattan sintetico y fibras naturales.","publisher":{"@id":"https:\/\/tumuebleonline.com\/#organization"},"potentialAction":[{"@type":"SearchAction","target":{"@type":"EntryPoint","urlTemplate":"https:\/\/tumuebleonline.com\/?s={search_term_string}"},"query-input":"required name=search_term_string"}],"inLanguage":"es-CO"},{"@type":"Organization","@id":"https:\/\/tumuebleonline.com\/#organization","name":"Tu Mueble Online","url":"https:\/\/tumuebleonline.com\/","logo":{"@type":"ImageObject","inLanguage":"es-CO","@id":"https:\/\/tumuebleonline.com\/#\/schema\/logo\/image\/","url":"https:\/\/tumuebleonline.com\/wp-content\/uploads\/2024\/03\/logoo-pqueno.jpg","contentUrl":"https:\/\/tumuebleonline.com\/wp-content\/uploads\/2024\/03\/logoo-pqueno.jpg","width":112,"height":112,"caption":"Tu Mueble Online"},"image":{"@id":"https:\/\/tumuebleonline.com\/#\/schema\/logo\/image\/"},"sameAs":["https:\/\/www.facebook.com\/tumuebleonlineee","https:\/\/www.tiktok.com\/@tumuebleonline","https:\/\/www.instagram.com\/tumuebleonline1\/","https:\/\/wa.me\/message\/XMW4WYMC7XMHM1"]}]}},"_links":{"self":[{"href":"https:\/\/tumuebleonline.com\/index.php\/wp-json\/wp\/v2\/pages\/10716","targetHints":{"allow":["GET"]}}],"collection":[{"href":"https:\/\/tumuebleonline.com\/index.php\/wp-json\/wp\/v2\/pages"}],"about":[{"href":"https:\/\/tumuebleonline.com\/index.php\/wp-json\/wp\/v2\/types\/page"}],"author":[{"embeddable":true,"href":"https:\/\/tumuebleonline.com\/index.php\/wp-json\/wp\/v2\/users\/2"}],"replies":[{"embeddable":true,"href":"https:\/\/tumuebleonline.com\/index.php\/wp-json\/wp\/v2\/comments?post=10716"}],"version-history":[{"count":4,"href":"https:\/\/tumuebleonline.com\/index.php\/wp-json\/wp\/v2\/pages\/10716\/revisions"}],"predecessor-version":[{"id":10722,"href":"https:\/\/tumuebleonline.com\/index.php\/wp-json\/wp\/v2\/pages\/10716\/revisions\/10722"}],"wp:attachment":[{"href":"https:\/\/tumuebleonline.com\/index.php\/wp-json\/wp\/v2\/media?parent=10716"}],"curies":[{"name":"wp","href":"https:\/\/api.w.org\/{rel}","templated":true}]}}